{"id":1207,"date":"2021-01-20T11:20:38","date_gmt":"2021-01-20T10:20:38","guid":{"rendered":"https:\/\/rettet-das-rosental.de\/?page_id=1207"},"modified":"2021-05-10T18:48:36","modified_gmt":"2021-05-10T16:48:36","slug":"rund-um-das-rosental","status":"publish","type":"page","link":"https:\/\/rettet-das-rosental.de\/index.php\/rund-um-das-rosental\/","title":{"rendered":"RUND UM DAS ROSENTAL"},"content":{"rendered":"<div data-colibri-id=\"1207-c1\" class=\"style-1106 style-local-1207-c1 position-relative\">\r\n  <!---->\r\n  <div data-colibri-component=\"section\" data-colibri-id=\"1207-c2\" id=\"custom\" class=\"h-section h-section-global-spacing d-flex align-items-lg-center align-items-md-center align-items-center style-1107 style-local-1207-c2 position-relative\">\r\n    <!---->\r\n    <!---->\r\n    <div class=\"h-section-grid-container h-section-boxed-container\">\r\n      <!---->\r\n      <div data-colibri-id=\"1207-c3\" class=\"h-row-container gutters-row-lg-2 gutters-row-md-2 gutters-row-0 gutters-row-v-lg-0 gutters-row-v-md-0 gutters-row-v-0 style-1108 style-local-1207-c3 position-relative\">\r\n        <!---->\r\n        <div class=\"h-row justify-content-lg-center justify-content-md-center justify-content-center align-items-lg-stretch align-items-md-stretch align-items-stretch gutters-col-lg-2 gutters-col-md-2 gutters-col-0 gutters-col-v-lg-0 gutters-col-v-md-0 gutters-col-v-0\">\r\n          <!---->\r\n          <div class=\"h-column h-column-container d-flex h-col-lg-auto h-col-md-auto h-col-auto style-1109-outer style-local-1207-c4-outer\">\r\n            <div data-colibri-id=\"1207-c4\" class=\"d-flex h-flex-basis h-column__inner h-px-lg-0 h-px-md-0 h-px-0 v-inner-lg-0 v-inner-md-0 v-inner-0 style-1109 style-local-1207-c4 position-relative\">\r\n              <!---->\r\n              <!---->\r\n              <div class=\"w-100 h-y-container h-column__content h-column__v-align flex-basis-100 align-self-lg-start align-self-md-start align-self-start\">\r\n                <!---->\r\n                <div data-colibri-id=\"1207-c5\" class=\"h-text h-text-component style-1110 style-local-1207-c5 position-relative h-element\">\r\n                  <!---->\r\n                  <!---->\r\n                  <div class=\"\">\r\n                    <p>Bereits kurz nach der Ansiedlung der ersten Menschen in Vaihingen d\u00fcrfte der Bereich des heutigen Rosentals gerodet worden sein, wodurch das charakteristische Landschaftsbild entstand, wie wir es heute kennen: saftige Wiesen, in deren\r\n                      Mitte der von Laubb\u00e4umen eingerahmte Sindelbach verl\u00e4uft. Das Rosental ist Teil des Landschaftsschutzgebiets Glemswald und f\u00e4llt somit unter den Schutz von \u00a7 22 des baden-w\u00fcrttembergischen Naturschutzgesetzes.<\/p>\r\n                  <\/div>\r\n                <\/div>\r\n              <\/div>\r\n            <\/div>\r\n          <\/div>\r\n        <\/div>\r\n      <\/div>\r\n    <\/div>\r\n  <\/div>\r\n  <div data-colibri-component=\"section\" data-colibri-id=\"1207-c6\" id=\"custom-2\" class=\"h-section h-section-global-spacing d-flex align-items-lg-center align-items-md-center align-items-center style-1111 style-local-1207-c6 position-relative\">\r\n    <!---->\r\n    <!---->\r\n    <div class=\"h-section-grid-container h-section-boxed-container\">\r\n      <!---->\r\n      <div data-colibri-id=\"1207-c7\" class=\"h-row-container gutters-row-lg-2 gutters-row-md-2 gutters-row-0 gutters-row-v-lg-0 gutters-row-v-md-0 gutters-row-v-0 style-1112 style-local-1207-c7 position-relative\">\r\n        <!---->\r\n        <div class=\"h-row justify-content-lg-start justify-content-md-start justify-content-start align-items-lg-stretch align-items-md-stretch align-items-stretch gutters-col-lg-2 gutters-col-md-2 gutters-col-0 gutters-col-v-lg-0 gutters-col-v-md-0 gutters-col-v-0\">\r\n          <!---->\r\n          <div class=\"h-column h-column-container d-flex h-col-lg-auto h-col-md-auto h-col-auto style-1113-outer style-local-1207-c8-outer\">\r\n            <div data-colibri-id=\"1207-c8\" class=\"d-flex h-flex-basis h-column__inner h-px-lg-0 h-px-md-0 h-px-0 v-inner-lg-0 v-inner-md-0 v-inner-0 style-1113 style-local-1207-c8 position-relative\">\r\n              <!---->\r\n              <!---->\r\n              <div class=\"w-100 h-y-container h-column__content h-column__v-align flex-basis-100 align-self-lg-start align-self-md-start align-self-start\">\r\n                <!---->\r\n                <div data-colibri-id=\"1207-c9\" class=\"d-block style-1115 style-local-1207-c9 position-relative h-element\">\r\n                  <!---->\r\n                  <div class=\"h-image__frame-container-outer\">\r\n                    <div class=\"h-image__frame-container\">\r\n                      <!---->\r\n                      <!---->\r\n                      <img fetchpriority=\"high\" decoding=\"async\" width=\"2560\" height=\"1701\" src=\"https:\/\/rettet-das-rosental.de\/wp-content\/uploads\/2021\/02\/cropped-Rosental_1930er_Jahre_FV-scaled-1.jpg\" class=\"wp-image-1751 style-1115-image style-local-1207-c9-image\" alt=\"\" srcset=\"https:\/\/rettet-das-rosental.de\/wp-content\/uploads\/2021\/02\/cropped-Rosental_1930er_Jahre_FV-scaled-1.jpg 2560w, https:\/\/rettet-das-rosental.de\/wp-content\/uploads\/2021\/02\/cropped-Rosental_1930er_Jahre_FV-scaled-1-300x199.jpg 300w, https:\/\/rettet-das-rosental.de\/wp-content\/uploads\/2021\/02\/cropped-Rosental_1930er_Jahre_FV-scaled-1-1024x680.jpg 1024w, https:\/\/rettet-das-rosental.de\/wp-content\/uploads\/2021\/02\/cropped-Rosental_1930er_Jahre_FV-scaled-1-768x510.jpg 768w, https:\/\/rettet-das-rosental.de\/wp-content\/uploads\/2021\/02\/cropped-Rosental_1930er_Jahre_FV-scaled-1-1536x1021.jpg 1536w, https:\/\/rettet-das-rosental.de\/wp-content\/uploads\/2021\/02\/cropped-Rosental_1930er_Jahre_FV-scaled-1-2048x1361.jpg 2048w\" sizes=\"(max-width: 2560px) 100vw, 2560px\" \/>\r\n                      <div class=\"h-image__frame h-hide-lg h-hide-md h-hide-sm style-1115-frameImage style-local-1207-c9-frameImage\"><\/div>\r\n                    <\/div>\r\n                  <\/div>\r\n                <\/div>\r\n              <\/div>\r\n            <\/div>\r\n          <\/div>\r\n          <div class=\"h-column h-column-container d-flex h-col-lg-auto h-col-md-auto h-col-auto style-1114-outer style-local-1207-c10-outer\">\r\n            <div data-colibri-id=\"1207-c10\" class=\"d-flex h-flex-basis h-column__inner h-px-lg-0 h-px-md-0 h-px-0 v-inner-lg-0 v-inner-md-0 v-inner-0 style-1114 style-local-1207-c10 position-relative\">\r\n              <!---->\r\n              <!---->\r\n              <div class=\"w-100 h-y-container h-column__content h-column__v-align flex-basis-100 align-self-lg-start align-self-md-start align-self-start\">\r\n                <!---->\r\n                <div data-colibri-id=\"1207-c11\" class=\"h-text h-text-component style-1116 style-local-1207-c11 position-relative h-element\">\r\n                  <!---->\r\n                  <!---->\r\n                  <div class=\"\">\r\n                    <p>Das beliebte Freibad Rosental grenzt nahtlos an diesen Naturraum an. Obwohl es im fr\u00fchen 20. Jahrhundert zu den gr\u00f6\u00dften Freib\u00e4dern im s\u00fcddeutschen Raum z\u00e4hlte, war seine Freifl\u00e4che bis Anfang der 1970er Jahre noch wesentlich kleiner.&nbsp;Erst\r\n                      als man die Fl\u00fcchtlingsbarracken abgerissen hatte, die nach dem Krieg s\u00fcdlich der Rosentalstra\u00dfe bis zur Tigerstra\u00dfe errichtet worden waren, konnte das Freibad auf die heutige Gr\u00f6\u00dfe erweitert werden.<\/p>\r\n                    <p>Auf dem Weg vom Vaihinger Bahnhof dorthin und ins Landschaftsschutzgebiet Rosental liegen mitten im Vaihinger Wohngebiet der Rosentalsee und der Feuersee.&nbsp;Letzterer war anfangs noch im Besitz der Familie Widmaier, die 1876 in\r\n                      Vaihingen die Brauerei Adler-Br\u00e4u gr\u00fcndete, welche sp\u00e4ter von Schwaben Br\u00e4u \u00fcbernommen wurde. Neben seiner Funktion als L\u00f6schwasserreservoir wurde der Feuersee bei Gelegenheit auch genutzt, um Eis zur Bierk\u00fchlung zu gewinnen.<\/p>\r\n                  <\/div>\r\n                <\/div>\r\n              <\/div>\r\n            <\/div>\r\n          <\/div>\r\n        <\/div>\r\n      <\/div>\r\n    <\/div>\r\n  <\/div>\r\n  <div data-colibri-component=\"section\" data-colibri-id=\"1207-c12\" id=\"custom-4\" class=\"h-section h-section-global-spacing d-flex align-items-lg-center align-items-md-center align-items-center style-1121 style-local-1207-c12 position-relative\">\r\n    <!---->\r\n    <!---->\r\n    <div class=\"h-section-grid-container h-section-boxed-container\">\r\n      <!---->\r\n      <div data-colibri-id=\"1207-c13\" class=\"h-row-container gutters-row-lg-2 gutters-row-md-2 gutters-row-0 gutters-row-v-lg-0 gutters-row-v-md-0 gutters-row-v-0 style-1122 style-local-1207-c13 position-relative\">\r\n        <!---->\r\n        <div class=\"h-row justify-content-lg-center justify-content-md-center justify-content-center align-items-lg-stretch align-items-md-stretch align-items-stretch gutters-col-lg-2 gutters-col-md-2 gutters-col-0 gutters-col-v-lg-0 gutters-col-v-md-0 gutters-col-v-0\">\r\n          <!---->\r\n          <div class=\"h-column h-column-container d-flex h-col-lg-auto h-col-md-auto h-col-auto style-1123-outer style-local-1207-c14-outer\">\r\n            <div data-colibri-id=\"1207-c14\" class=\"d-flex h-flex-basis h-column__inner h-px-lg-0 h-px-md-0 h-px-0 v-inner-lg-0 v-inner-md-0 v-inner-0 style-1123 style-local-1207-c14 position-relative\">\r\n              <!---->\r\n              <!---->\r\n              <div class=\"w-100 h-y-container h-column__content h-column__v-align flex-basis-100 align-self-lg-start align-self-md-start align-self-start\">\r\n                <!---->\r\n                <div data-colibri-id=\"1207-c15\" class=\"h-text h-text-component style-1124 style-local-1207-c15 position-relative h-element\">\r\n                  <!---->\r\n                  <!---->\r\n                  <div class=\"\">\r\n                    <p>Heute fahren auf den zugefrorenen Seen vor allem die Kinder Schlittschuh. Zudem sind an ihren Ufern zahlreiche Tierarten heimisch geworden wie der Fischreiher, der dort das ganze Jahr \u00fcber zu beobachten ist. Der Lebensraum dieser V\u00f6gel\r\n                      wird von der Seilbahntrasse ebenso bedroht wie das gesamte Naherholungsgebiet Rosental.<\/p>\r\n                  <\/div>\r\n                <\/div>\r\n              <\/div>\r\n            <\/div>\r\n          <\/div>\r\n        <\/div>\r\n      <\/div>\r\n    <\/div>\r\n  <\/div>\r\n  <div data-colibri-component=\"section\" data-colibri-id=\"1207-c16\" id=\"custom-5\" class=\"h-section h-section-global-spacing d-flex align-items-lg-center align-items-md-center align-items-center style-1125 style-local-1207-c16 position-relative\">\r\n    <!---->\r\n    <!---->\r\n    <div class=\"h-section-grid-container h-section-boxed-container\">\r\n      <!---->\r\n      <div data-colibri-id=\"1207-c17\" class=\"h-row-container gutters-row-lg-2 gutters-row-md-2 gutters-row-0 gutters-row-v-lg-0 gutters-row-v-md-0 gutters-row-v-0 style-1126 style-local-1207-c17 position-relative\">\r\n        <!---->\r\n        <div class=\"h-row justify-content-lg-center justify-content-md-center justify-content-center align-items-lg-stretch align-items-md-stretch align-items-stretch gutters-col-lg-2 gutters-col-md-2 gutters-col-0 gutters-col-v-lg-0 gutters-col-v-md-0 gutters-col-v-0\">\r\n          <!---->\r\n          <div class=\"h-column h-column-container d-flex h-col-lg-auto h-col-md-auto h-col-auto style-1127-outer style-local-1207-c18-outer\">\r\n            <div data-colibri-id=\"1207-c18\" class=\"d-flex h-flex-basis h-column__inner h-px-lg-0 h-px-md-0 h-px-0 v-inner-lg-0 v-inner-md-0 v-inner-0 style-1127 style-local-1207-c18 position-relative\">\r\n              <!---->\r\n              <!---->\r\n              <div class=\"w-100 h-y-container h-column__content h-column__v-align flex-basis-100 align-self-lg-start align-self-md-start align-self-start\">\r\n                <!---->\r\n                <div data-colibri-id=\"1207-c19\" class=\"d-block style-1128 style-local-1207-c19 position-relative h-element\">\r\n                  <!---->\r\n                  <div class=\"h-image__frame-container-outer\">\r\n                    <div class=\"h-image__frame-container\">\r\n                      <!---->\r\n                      <!---->\r\n                      <img decoding=\"async\" width=\"2048\" height=\"1152\" src=\"https:\/\/rettet-das-rosental.de\/wp-content\/uploads\/2021\/02\/cropped-Leitz_Feuersee.jpg\" class=\"wp-image-1753 style-1128-image style-local-1207-c19-image\" alt=\"\" srcset=\"https:\/\/rettet-das-rosental.de\/wp-content\/uploads\/2021\/02\/cropped-Leitz_Feuersee.jpg 2048w, https:\/\/rettet-das-rosental.de\/wp-content\/uploads\/2021\/02\/cropped-Leitz_Feuersee-300x169.jpg 300w, https:\/\/rettet-das-rosental.de\/wp-content\/uploads\/2021\/02\/cropped-Leitz_Feuersee-1024x576.jpg 1024w, https:\/\/rettet-das-rosental.de\/wp-content\/uploads\/2021\/02\/cropped-Leitz_Feuersee-768x432.jpg 768w, https:\/\/rettet-das-rosental.de\/wp-content\/uploads\/2021\/02\/cropped-Leitz_Feuersee-1536x864.jpg 1536w\" sizes=\"(max-width: 2048px) 100vw, 2048px\" \/>\r\n                      <div class=\"h-image__frame h-hide-lg h-hide-md h-hide-sm style-1128-frameImage style-local-1207-c19-frameImage\"><\/div>\r\n                    <\/div>\r\n                  <\/div>\r\n                <\/div>\r\n              <\/div>\r\n            <\/div>\r\n          <\/div>\r\n        <\/div>\r\n      <\/div>\r\n    <\/div>\r\n  <\/div>\r\n  <div data-colibri-component=\"section\" data-colibri-id=\"1207-c20\" id=\"reusable-sections\" class=\"h-section h-section-global-spacing d-flex align-items-lg-center align-items-md-center align-items-center style-2079 style-local-1207-c20 position-relative\">\r\n    <!---->\r\n    <!---->\r\n    <div class=\"h-section-grid-container h-section-boxed-container\">\r\n      <!---->\r\n      <div data-colibri-id=\"1207-c21\" class=\"h-row-container gutters-row-lg-2 gutters-row-md-2 gutters-row-0 gutters-row-v-lg-2 gutters-row-v-md-2 gutters-row-v-2 style-2080 style-local-1207-c21 position-relative\">\r\n        <!---->\r\n        <div class=\"h-row justify-content-lg-center justify-content-md-center justify-content-center align-items-lg-stretch align-items-md-stretch align-items-stretch gutters-col-lg-2 gutters-col-md-2 gutters-col-0 gutters-col-v-lg-2 gutters-col-v-md-2 gutters-col-v-2\">\r\n          <!---->\r\n          <div class=\"h-column h-column-container d-flex h-col-lg-auto h-col-md-auto h-col-auto style-2081-outer style-local-1207-c22-outer\">\r\n            <div data-colibri-id=\"1207-c22\" class=\"d-flex h-flex-basis h-column__inner h-px-lg-2 h-px-md-2 h-px-2 v-inner-lg-2 v-inner-md-2 v-inner-2 style-2081 style-local-1207-c22 position-relative\">\r\n              <!---->\r\n              <!---->\r\n              <div class=\"w-100 h-y-container h-column__content h-column__v-align flex-basis-100 align-self-lg-start align-self-md-start align-self-start\">\r\n                <!---->\r\n                <div data-colibri-id=\"1207-c23\" class=\"h-divider style-2082 style-local-1207-c23 position-relative h-element\">\r\n                  <!----><span class=\"h-divider__line style-2082-line style-local-1207-c23-line style-2082-line style-local-1207-c23-line\"><\/span><\/div>\r\n              <\/div>\r\n            <\/div>\r\n          <\/div>\r\n        <\/div>\r\n      <\/div>\r\n    <\/div>\r\n  <\/div>\r\n  <div data-colibri-component=\"section\" data-colibri-id=\"1207-c24\" id=\"reusable-sections-2\" class=\"h-section h-section-global-spacing d-flex align-items-lg-center align-items-md-center align-items-center style-2083 style-local-1207-c24 position-relative\">\r\n    <!---->\r\n    <!---->\r\n    <div class=\"h-section-grid-container h-section-boxed-container\">\r\n      <!---->\r\n      <div data-colibri-id=\"1207-c25\" class=\"h-row-container gutters-row-lg-0 gutters-row-md-0 gutters-row-0 gutters-row-v-lg-0 gutters-row-v-md-0 gutters-row-v-0 style-2084 style-local-1207-c25 position-relative\">\r\n        <!---->\r\n        <div class=\"h-row justify-content-lg-center justify-content-md-center justify-content-center align-items-lg-stretch align-items-md-stretch align-items-stretch gutters-col-lg-0 gutters-col-md-0 gutters-col-0 gutters-col-v-lg-0 gutters-col-v-md-0 gutters-col-v-0\">\r\n          <!---->\r\n          <div class=\"h-column h-column-container d-flex h-col-lg-auto h-col-md-auto h-col-auto style-2085-outer style-local-1207-c26-outer\">\r\n            <div data-colibri-id=\"1207-c26\" class=\"d-flex h-flex-basis h-column__inner h-px-lg-0 h-px-md-0 h-px-0 v-inner-lg-0 v-inner-md-0 v-inner-0 style-2085 style-local-1207-c26 position-relative\">\r\n              <!---->\r\n              <!---->\r\n              <div class=\"w-100 h-y-container h-column__content h-column__v-align flex-basis-100 align-self-lg-start align-self-md-start align-self-start\">\r\n                <!---->\r\n                <div data-colibri-component=\"dropdown-menu\" role=\"navigation\" h-use-smooth-scroll-all=\"true\" data-colibri-id=\"1207-c27\" class=\"h-menu h-global-transition-all h-ignore-global-body-typography has-offcanvas-mobile h-menu-horizontal h-dropdown-menu style-2086 style-local-1207-c27 position-relative h-element\">\r\n                  <!---->\r\n                  <div class=\"h-global-transition-all h-main-menu\"><div class=\"colibri-menu-container\"><ul id=\"menu-footermenue\" class=\"colibri-menu bordered-active-item bordered-active-item--bottom effect-borders-grow grow-from-center\"><li id=\"menu-item-2280\" class=\"menu-item menu-item-type-post_type menu-item-object-page menu-item-2280\"><a href=\"https:\/\/rettet-das-rosental.de\/index.php\/rechtliches\/\">IMPRESSUM<\/a><\/li>\n<li id=\"menu-item-2281\" class=\"menu-item menu-item-type-post_type menu-item-object-page menu-item-2281\"><a href=\"https:\/\/rettet-das-rosental.de\/index.php\/datenschutz\/\">DATENSCHUTZ<\/a><\/li>\n<\/ul><\/div><\/div>\r\n                  <div data-colibri-id=\"1207-c28\" class=\"h-mobile-menu h-global-transition-disable style-2087 style-local-1207-c28 position-relative h-element\">\r\n                    <!---->\r\n                    <a data-click-outside=\"true\" data-target=\"#offcanvas-wrapper-1207-c28\" data-target-id=\"offcanvas-wrapper-1207-c28\" data-offcanvas-overlay-id=\"offcanvas-overlay-1207-c28\" href=\"#\" data-colibri-component=\"offcanvas\" data-direction=\"right\"\r\n                      data-push=\"false\" title=\"Menu\" class=\"h-hamburger-button\">\r\n                      <div class=\"icon-container h-hamburger-icon\">\r\n                        <div class=\"h-icon-svg\" style=\"width: 100%; height: 100%;\">\r\n                          <!--Icon by Font Awesome (https:\/\/fontawesome.com)-->\r\n                          <svg version=\"1.1\" xmlns=\"http:\/\/www.w3.org\/2000\/svg\" xmlns:xlink=\"http:\/\/www.w3.org\/1999\/xlink\" id=\"bars\" viewBox=\"0 0 1536 1896.0833\">\r\n                            <path d=\"M1536 1344v128q0 26-19 45t-45 19H64q-26 0-45-19t-19-45v-128q0-26 19-45t45-19h1408q26 0 45 19t19 45zm0-512v128q0 26-19 45t-45 19H64q-26 0-45-19T0 960V832q0-26 19-45t45-19h1408q26 0 45 19t19 45zm0-512v128q0 26-19 45t-45 19H64q-26 0-45-19T0 448V320q0-26 19-45t45-19h1408q26 0 45 19t19 45z\"><\/path>\r\n                          <\/svg>\r\n                        <\/div>\r\n                      <\/div>\r\n                    <\/a>\r\n                    <div id=\"offcanvas-wrapper-1207-c28\" class=\"h-offcanvas-panel offcanvas offcanvas-right hide force-hide style-2087-offscreen style-local-1207-c28-offscreen\">\r\n                      <div data-colibri-id=\"1207-c29\" class=\"d-flex flex-column h-offscreen-panel style-2088 style-local-1207-c29 position-relative h-element\">\r\n                        <!---->\r\n                        <div class=\"offscreen-header h-ui-empty-state-container\">\r\n                          <div data-colibri-id=\"1207-c31\" class=\"h-row-container gutters-row-lg-0 gutters-row-md-0 gutters-row-0 gutters-row-v-lg-0 gutters-row-v-md-0 gutters-row-v-0 style-2090 style-local-1207-c31 position-relative\">\r\n                            <!---->\r\n                            <div class=\"h-row justify-content-lg-center justify-content-md-center justify-content-center align-items-lg-stretch align-items-md-stretch align-items-stretch gutters-col-lg-0 gutters-col-md-0 gutters-col-0 gutters-col-v-lg-0 gutters-col-v-md-0 gutters-col-v-0\">\r\n                              <!---->\r\n                              <div class=\"h-column h-column-container d-flex h-col-lg h-col-md h-col-auto style-2091-outer style-local-1207-c32-outer\">\r\n                                <div data-colibri-id=\"1207-c32\" class=\"d-flex h-flex-basis h-column__inner h-px-lg-2 h-px-md-2 h-px-2 v-inner-lg-2 v-inner-md-2 v-inner-2 style-2091 style-local-1207-c32 position-relative\">\r\n                                  <!---->\r\n                                  <!---->\r\n                                  <div class=\"w-100 h-y-container h-column__content h-column__v-align flex-basis-100 align-self-lg-start align-self-md-start align-self-start\">\r\n                                    <!---->\r\n                                    <div data-colibri-id=\"1207-c33\" class=\"d-flex align-items-center text-lg-center text-md-center text-center justify-content-lg-center justify-content-md-center justify-content-center style-2092 style-local-1207-c33 position-relative h-element\">\r\n                                      <!---->\r\n                                      <a rel=\"home\" href=\"https:\/\/rettet-das-rosental.de\/\" h-use-smooth-scroll=\"true\" class=\"d-flex align-items-center\">\r\n                                        <img decoding=\"async\" src=\"https:\/\/rettet-das-rosental.de\/wp-content\/uploads\/2021\/01\/Weiss_neu_Schriftzug.png\" class=\"h-logo__image h-logo__image_h logo-image style-2092-image style-local-1207-c33-image\" alt=\"\" \/>\r\n                                        <img decoding=\"async\" src=\"https:\/\/rettet-das-rosental.de\/wp-content\/uploads\/2021\/01\/Schriftzug_neu_schwarz.png\" class=\"h-logo__alt-image h-logo__alt-image_h logo-alt-image style-2092-image style-local-1207-c33-image\" alt=\"\" \/>\r\n                                      <\/a>\r\n                                    <\/div>\r\n                                  <\/div>\r\n                                <\/div>\r\n                              <\/div>\r\n                            <\/div>\r\n                          <\/div>\r\n                        <\/div>\r\n                        <div class=\"offscreen-content\">\r\n                          <!---->\r\n                          <div data-colibri-component=\"accordion-menu\" role=\"navigation\" h-use-smooth-scroll-all=\"true\" data-colibri-id=\"1207-c30\" class=\"h-menu h-global-transition-all h-ignore-global-body-typography h-mobile-menu h-menu-accordion style-2089 style-local-1207-c30 position-relative h-element\">\r\n                            <!---->\r\n                            <div class=\"h-global-transition-all h-mobile-menu\"><div class=\"colibri-menu-container\"><ul id=\"menu-footermenue-1\" class=\"colibri-menu none \"><li class=\"menu-item menu-item-type-post_type menu-item-object-page menu-item-2280\"><a href=\"https:\/\/rettet-das-rosental.de\/index.php\/rechtliches\/\">IMPRESSUM<\/a><\/li>\n<li class=\"menu-item menu-item-type-post_type menu-item-object-page menu-item-2281\"><a href=\"https:\/\/rettet-das-rosental.de\/index.php\/datenschutz\/\">DATENSCHUTZ<\/a><\/li>\n<\/ul><\/div><\/div>\r\n                          <\/div>\r\n                        <\/div>\r\n                        <div class=\"offscreen-footer h-ui-empty-state-container\">\r\n                          <div data-colibri-id=\"1207-c34\" class=\"h-row-container gutters-row-lg-0 gutters-row-md-0 gutters-row-0 gutters-row-v-lg-0 gutters-row-v-md-0 gutters-row-v-0 style-2093 style-local-1207-c34 position-relative\">\r\n                            <!---->\r\n                            <div class=\"h-row justify-content-lg-center justify-content-md-center justify-content-center align-items-lg-stretch align-items-md-stretch align-items-stretch gutters-col-lg-0 gutters-col-md-0 gutters-col-0 gutters-col-v-lg-0 gutters-col-v-md-0 gutters-col-v-0\">\r\n                              <!---->\r\n                              <div class=\"h-column h-column-container d-flex h-col-lg h-col-md h-col-auto style-2094-outer style-local-1207-c35-outer\">\r\n                                <div data-colibri-id=\"1207-c35\" class=\"d-flex h-flex-basis h-column__inner h-px-lg-2 h-px-md-2 h-px-2 v-inner-lg-2 v-inner-md-2 v-inner-2 style-2094 style-local-1207-c35 position-relative\">\r\n                                  <!---->\r\n                                  <!---->\r\n                                  <div class=\"w-100 h-y-container h-column__content h-column__v-align flex-basis-100 align-self-lg-start align-self-md-start align-self-start\">\r\n                                    <!---->\r\n                                    <div data-colibri-id=\"1207-c36\" class=\"h-text h-text-component style-2095 style-local-1207-c36 position-relative h-element\">\r\n                                      <!---->\r\n                                      <!---->\r\n                                      <div class=\"\">\r\n                                        <p>\u00a9 2021<\/p>\r\n                                      <\/div>\r\n                                    <\/div>\r\n                                  <\/div>\r\n                                <\/div>\r\n                              <\/div>\r\n                            <\/div>\r\n                          <\/div>\r\n                        <\/div>\r\n                      <\/div>\r\n                    <\/div>\r\n                    <div id=\"offcanvas-overlay-1207-c28\" class=\"offscreen-overlay style-2087-offscreenOverlay style-local-1207-c28-offscreenOverlay\"><\/div>\r\n                  <\/div>\r\n                <\/div>\r\n              <\/div>\r\n            <\/div>\r\n          <\/div>\r\n        <\/div>\r\n      <\/div>\r\n    <\/div>\r\n  <\/div>\r\n<\/div>","protected":false},"excerpt":{"rendered":"<p>Bereits kurz nach der Ansiedlung der ersten Menschen in Vaihingen d\u00fcrfte der Bereich des heutigen Rosentals gerodet worden sein, wodurch das charakteristische Landschaftsbild entstand, wie wir es heute kennen: saftige Wiesen, in deren Mitte der von Laubb\u00e4umen eingerahmte Sindelbach verl\u00e4uft. Das Rosental ist Teil des Landschaftsschutzgebiets Glemswald und f\u00e4llt somit unter den Schutz von \u00a7 [&hellip;]<\/p>\n","protected":false},"author":1,"featured_media":0,"parent":0,"menu_order":0,"comment_status":"closed","ping_status":"closed","template":"page-templates\/full-width-page.php","meta":{"footnotes":""},"class_list":["post-1207","page","type-page","status-publish","hentry"],"yoast_head":"<!-- This site is optimized with the Yoast SEO plugin v26.7 - https:\/\/yoast.com\/wordpress\/plugins\/seo\/ -->\n<title>RUND UM DAS ROSENTAL - Rettet das Rosental<\/title>\n<meta name=\"robots\" content=\"index, follow, max-snippet:-1, max-image-preview:large, max-video-preview:-1\" \/>\n<link rel=\"canonical\" href=\"https:\/\/rettet-das-rosental.de\/index.php\/rund-um-das-rosental\/\" \/>\n<meta property=\"og:locale\" content=\"de_DE\" \/>\n<meta property=\"og:type\" content=\"article\" \/>\n<meta property=\"og:title\" content=\"RUND UM DAS ROSENTAL - Rettet das Rosental\" \/>\n<meta property=\"og:description\" content=\"Bereits kurz nach der Ansiedlung der ersten Menschen in Vaihingen d\u00fcrfte der Bereich des heutigen Rosentals gerodet worden sein, wodurch das charakteristische Landschaftsbild entstand, wie wir es heute kennen: saftige Wiesen, in deren Mitte der von Laubb\u00e4umen eingerahmte Sindelbach verl\u00e4uft. Das Rosental ist Teil des Landschaftsschutzgebiets Glemswald und f\u00e4llt somit unter den Schutz von \u00a7 [&hellip;]\" \/>\n<meta property=\"og:url\" content=\"https:\/\/rettet-das-rosental.de\/index.php\/rund-um-das-rosental\/\" \/>\n<meta property=\"og:site_name\" content=\"Rettet das Rosental\" \/>\n<meta property=\"article:modified_time\" content=\"2021-05-10T16:48:36+00:00\" \/>\n<meta property=\"og:image\" content=\"https:\/\/rettet-das-rosental.de\/wp-content\/uploads\/2021\/02\/cropped-Rosental_1930er_Jahre_FV-scaled-1.jpg\" \/>\n<meta name=\"twitter:card\" content=\"summary_large_image\" \/>\n<meta name=\"twitter:label1\" content=\"Gesch\u00e4tzte Lesezeit\" \/>\n\t<meta name=\"twitter:data1\" content=\"1\u00a0Minute\" \/>\n<script type=\"application\/ld+json\" class=\"yoast-schema-graph\">{\"@context\":\"https:\/\/schema.org\",\"@graph\":[{\"@type\":\"WebPage\",\"@id\":\"https:\/\/rettet-das-rosental.de\/index.php\/rund-um-das-rosental\/\",\"url\":\"https:\/\/rettet-das-rosental.de\/index.php\/rund-um-das-rosental\/\",\"name\":\"RUND UM DAS ROSENTAL - Rettet das Rosental\",\"isPartOf\":{\"@id\":\"https:\/\/rettet-das-rosental.de\/#website\"},\"primaryImageOfPage\":{\"@id\":\"https:\/\/rettet-das-rosental.de\/index.php\/rund-um-das-rosental\/#primaryimage\"},\"image\":{\"@id\":\"https:\/\/rettet-das-rosental.de\/index.php\/rund-um-das-rosental\/#primaryimage\"},\"thumbnailUrl\":\"https:\/\/rettet-das-rosental.de\/wp-content\/uploads\/2021\/02\/cropped-Rosental_1930er_Jahre_FV-scaled-1.jpg\",\"datePublished\":\"2021-01-20T10:20:38+00:00\",\"dateModified\":\"2021-05-10T16:48:36+00:00\",\"breadcrumb\":{\"@id\":\"https:\/\/rettet-das-rosental.de\/index.php\/rund-um-das-rosental\/#breadcrumb\"},\"inLanguage\":\"de\",\"potentialAction\":[{\"@type\":\"ReadAction\",\"target\":[\"https:\/\/rettet-das-rosental.de\/index.php\/rund-um-das-rosental\/\"]}]},{\"@type\":\"ImageObject\",\"inLanguage\":\"de\",\"@id\":\"https:\/\/rettet-das-rosental.de\/index.php\/rund-um-das-rosental\/#primaryimage\",\"url\":\"https:\/\/rettet-das-rosental.de\/wp-content\/uploads\/2021\/02\/cropped-Rosental_1930er_Jahre_FV-scaled-1.jpg\",\"contentUrl\":\"https:\/\/rettet-das-rosental.de\/wp-content\/uploads\/2021\/02\/cropped-Rosental_1930er_Jahre_FV-scaled-1.jpg\",\"width\":2560,\"height\":1701},{\"@type\":\"BreadcrumbList\",\"@id\":\"https:\/\/rettet-das-rosental.de\/index.php\/rund-um-das-rosental\/#breadcrumb\",\"itemListElement\":[{\"@type\":\"ListItem\",\"position\":1,\"name\":\"Startseite\",\"item\":\"https:\/\/rettet-das-rosental.de\/\"},{\"@type\":\"ListItem\",\"position\":2,\"name\":\"RUND UM DAS ROSENTAL\"}]},{\"@type\":\"WebSite\",\"@id\":\"https:\/\/rettet-das-rosental.de\/#website\",\"url\":\"https:\/\/rettet-das-rosental.de\/\",\"name\":\"Rettet das Rosental\",\"description\":\"B\u00fcrgerinitiative\",\"publisher\":{\"@id\":\"https:\/\/rettet-das-rosental.de\/#organization\"},\"potentialAction\":[{\"@type\":\"SearchAction\",\"target\":{\"@type\":\"EntryPoint\",\"urlTemplate\":\"https:\/\/rettet-das-rosental.de\/?s={search_term_string}\"},\"query-input\":{\"@type\":\"PropertyValueSpecification\",\"valueRequired\":true,\"valueName\":\"search_term_string\"}}],\"inLanguage\":\"de\"},{\"@type\":\"Organization\",\"@id\":\"https:\/\/rettet-das-rosental.de\/#organization\",\"name\":\"B\u00fcrgerinitiative Rettet das Rosental\",\"url\":\"https:\/\/rettet-das-rosental.de\/\",\"logo\":{\"@type\":\"ImageObject\",\"inLanguage\":\"de\",\"@id\":\"https:\/\/rettet-das-rosental.de\/#\/schema\/logo\/image\/\",\"url\":\"https:\/\/rettet-das-rosental.de\/wp-content\/uploads\/2021\/01\/Weiss_neu_Schriftzug.png\",\"contentUrl\":\"https:\/\/rettet-das-rosental.de\/wp-content\/uploads\/2021\/01\/Weiss_neu_Schriftzug.png\",\"width\":1697,\"height\":95,\"caption\":\"B\u00fcrgerinitiative Rettet das Rosental\"},\"image\":{\"@id\":\"https:\/\/rettet-das-rosental.de\/#\/schema\/logo\/image\/\"}}]}<\/script>\n<!-- \/ Yoast SEO plugin. -->","yoast_head_json":{"title":"RUND UM DAS ROSENTAL - Rettet das Rosental","robots":{"index":"index","follow":"follow","max-snippet":"max-snippet:-1","max-image-preview":"max-image-preview:large","max-video-preview":"max-video-preview:-1"},"canonical":"https:\/\/rettet-das-rosental.de\/index.php\/rund-um-das-rosental\/","og_locale":"de_DE","og_type":"article","og_title":"RUND UM DAS ROSENTAL - Rettet das Rosental","og_description":"Bereits kurz nach der Ansiedlung der ersten Menschen in Vaihingen d\u00fcrfte der Bereich des heutigen Rosentals gerodet worden sein, wodurch das charakteristische Landschaftsbild entstand, wie wir es heute kennen: saftige Wiesen, in deren Mitte der von Laubb\u00e4umen eingerahmte Sindelbach verl\u00e4uft. Das Rosental ist Teil des Landschaftsschutzgebiets Glemswald und f\u00e4llt somit unter den Schutz von \u00a7 [&hellip;]","og_url":"https:\/\/rettet-das-rosental.de\/index.php\/rund-um-das-rosental\/","og_site_name":"Rettet das Rosental","article_modified_time":"2021-05-10T16:48:36+00:00","og_image":[{"url":"https:\/\/rettet-das-rosental.de\/wp-content\/uploads\/2021\/02\/cropped-Rosental_1930er_Jahre_FV-scaled-1.jpg","type":"","width":"","height":""}],"twitter_card":"summary_large_image","twitter_misc":{"Gesch\u00e4tzte Lesezeit":"1\u00a0Minute"},"schema":{"@context":"https:\/\/schema.org","@graph":[{"@type":"WebPage","@id":"https:\/\/rettet-das-rosental.de\/index.php\/rund-um-das-rosental\/","url":"https:\/\/rettet-das-rosental.de\/index.php\/rund-um-das-rosental\/","name":"RUND UM DAS ROSENTAL - Rettet das Rosental","isPartOf":{"@id":"https:\/\/rettet-das-rosental.de\/#website"},"primaryImageOfPage":{"@id":"https:\/\/rettet-das-rosental.de\/index.php\/rund-um-das-rosental\/#primaryimage"},"image":{"@id":"https:\/\/rettet-das-rosental.de\/index.php\/rund-um-das-rosental\/#primaryimage"},"thumbnailUrl":"https:\/\/rettet-das-rosental.de\/wp-content\/uploads\/2021\/02\/cropped-Rosental_1930er_Jahre_FV-scaled-1.jpg","datePublished":"2021-01-20T10:20:38+00:00","dateModified":"2021-05-10T16:48:36+00:00","breadcrumb":{"@id":"https:\/\/rettet-das-rosental.de\/index.php\/rund-um-das-rosental\/#breadcrumb"},"inLanguage":"de","potentialAction":[{"@type":"ReadAction","target":["https:\/\/rettet-das-rosental.de\/index.php\/rund-um-das-rosental\/"]}]},{"@type":"ImageObject","inLanguage":"de","@id":"https:\/\/rettet-das-rosental.de\/index.php\/rund-um-das-rosental\/#primaryimage","url":"https:\/\/rettet-das-rosental.de\/wp-content\/uploads\/2021\/02\/cropped-Rosental_1930er_Jahre_FV-scaled-1.jpg","contentUrl":"https:\/\/rettet-das-rosental.de\/wp-content\/uploads\/2021\/02\/cropped-Rosental_1930er_Jahre_FV-scaled-1.jpg","width":2560,"height":1701},{"@type":"BreadcrumbList","@id":"https:\/\/rettet-das-rosental.de\/index.php\/rund-um-das-rosental\/#breadcrumb","itemListElement":[{"@type":"ListItem","position":1,"name":"Startseite","item":"https:\/\/rettet-das-rosental.de\/"},{"@type":"ListItem","position":2,"name":"RUND UM DAS ROSENTAL"}]},{"@type":"WebSite","@id":"https:\/\/rettet-das-rosental.de\/#website","url":"https:\/\/rettet-das-rosental.de\/","name":"Rettet das Rosental","description":"B\u00fcrgerinitiative","publisher":{"@id":"https:\/\/rettet-das-rosental.de\/#organization"},"potentialAction":[{"@type":"SearchAction","target":{"@type":"EntryPoint","urlTemplate":"https:\/\/rettet-das-rosental.de\/?s={search_term_string}"},"query-input":{"@type":"PropertyValueSpecification","valueRequired":true,"valueName":"search_term_string"}}],"inLanguage":"de"},{"@type":"Organization","@id":"https:\/\/rettet-das-rosental.de\/#organization","name":"B\u00fcrgerinitiative Rettet das Rosental","url":"https:\/\/rettet-das-rosental.de\/","logo":{"@type":"ImageObject","inLanguage":"de","@id":"https:\/\/rettet-das-rosental.de\/#\/schema\/logo\/image\/","url":"https:\/\/rettet-das-rosental.de\/wp-content\/uploads\/2021\/01\/Weiss_neu_Schriftzug.png","contentUrl":"https:\/\/rettet-das-rosental.de\/wp-content\/uploads\/2021\/01\/Weiss_neu_Schriftzug.png","width":1697,"height":95,"caption":"B\u00fcrgerinitiative Rettet das Rosental"},"image":{"@id":"https:\/\/rettet-das-rosental.de\/#\/schema\/logo\/image\/"}}]}},"_links":{"self":[{"href":"https:\/\/rettet-das-rosental.de\/index.php\/wp-json\/wp\/v2\/pages\/1207","targetHints":{"allow":["GET"]}}],"collection":[{"href":"https:\/\/rettet-das-rosental.de\/index.php\/wp-json\/wp\/v2\/pages"}],"about":[{"href":"https:\/\/rettet-das-rosental.de\/index.php\/wp-json\/wp\/v2\/types\/page"}],"author":[{"embeddable":true,"href":"https:\/\/rettet-das-rosental.de\/index.php\/wp-json\/wp\/v2\/users\/1"}],"replies":[{"embeddable":true,"href":"https:\/\/rettet-das-rosental.de\/index.php\/wp-json\/wp\/v2\/comments?post=1207"}],"version-history":[{"count":9,"href":"https:\/\/rettet-das-rosental.de\/index.php\/wp-json\/wp\/v2\/pages\/1207\/revisions"}],"predecessor-version":[{"id":3325,"href":"https:\/\/rettet-das-rosental.de\/index.php\/wp-json\/wp\/v2\/pages\/1207\/revisions\/3325"}],"wp:attachment":[{"href":"https:\/\/rettet-das-rosental.de\/index.php\/wp-json\/wp\/v2\/media?parent=1207"}],"curies":[{"name":"wp","href":"https:\/\/api.w.org\/{rel}","templated":true}]}}